{"id":486548,"date":"2025-02-24T19:03:25","date_gmt":"2025-02-24T11:03:25","guid":{"rendered":"https:\/\/www.ipim.gov.mo\/services\/services-for-lusophone-markets\/%e4%b8%ad%e5%9c%8b%e8%88%87%e8%91%a1%e8%aa%9e%e5%9c%8b%e5%ae%b6%e5%95%86%e8%b2%bf%e5%90%88%e4%bd%9c%e6%9c%8d%e5%8b%99%e5%b9%b3%e5%8f%b0%e7%b6%9c%e5%90%88%e9%ab%94\/"},"modified":"2025-12-03T10:29:22","modified_gmt":"2025-12-03T02:29:22","slug":"complex-of-commerce-and-trade-co-operation-platform-for-china-and-portuguese-speaking-countries","status":"publish","type":"page","link":"https:\/\/www.ipim.gov.mo\/pt-pt\/china-pscs-commerce-and-trade\/complex-of-commerce-and-trade-co-operation-platform-for-china-and-portuguese-speaking-countries\/","title":{"rendered":"Complexo da Plataforma de Servi\u00e7os para a Coopera\u00e7\u00e3o Comercial entre a China e os Pa\u00edses de L\u00edngua Portuguesa"},"content":{"rendered":"<p>O projecto da constru\u00e7\u00e3o do Complexo da Plataforma de Servi\u00e7os para a Coopera\u00e7\u00e3o Comercial entre a China e os Pa\u00edses de L\u00edngua Portuguesa foi iniciado oficialmente em 2016 \u00e0 margem da 5.\u00aa Confer\u00eancia Ministerial do F\u00f3rum para a Coopera\u00e7\u00e3o Econ\u00f3mica e Comercial entre a China e os Pa\u00edses de L\u00edngua Portuguesa (Macau), sendo uma das medidas mais importantes anunciadas pelo Governo Central da China, bem como uma das iniciativas representativas em termos da constru\u00e7\u00e3o de Macau enquanto Plataforma entre a China e os PLP no \u00e2mbito do princ\u00edpio de \u201cUm Pa\u00eds, Dois Sistemas\u201d. Para al\u00e9m de ser o local destinado \u00e0 realiza\u00e7\u00e3o dos eventos da Confer\u00eancia Ministerial do F\u00f3rum de Macau, o Complexo tamb\u00e9m \u00e9 designado como uma plataforma que acolha diversas actividades de confer\u00eancia e exposi\u00e7\u00e3o organizadas pelos pa\u00edses participantes do F\u00f3rum de Macau e pelos servi\u00e7os p\u00fablicos do Governo da RAEM com o objectivo de alavancar o papel de Macau enquanto Plataforma. T\u00eam vindo a ser explorados gradualmente mais elementos funcionais do Complexo, nomeadamente interc\u00e2mbio econ\u00f3mico e comercial, servi\u00e7os empresariais, conven\u00e7\u00f5es e exposi\u00e7\u00f5es, demonstra\u00e7\u00e3o cultural, forma\u00e7\u00e3o de quadros qualificados, entre outros.<\/p>\r\n<h3><a href=\"https:\/\/www.mice.gov.mo\/pt\/venue_detail.aspx?a_id=3000062\" target=\"_blank\" rel=\"noopener\"> 1. Apresenta\u00e7\u00e3o sobre o local<\/a> <\/h3>\r\n<figure class=\"wp-block-image aligncenter size-medium is-resized\"><a href=\" https:\/\/www.mice.gov.mo\/pt\/venue_detail.aspx?a_id=3000062\" target=\"_blank\" rel=\"noreferrer noopener\"><img loading=\"lazy\" decoding=\"async\" class=\"aligncenter wp-image-486536 size-full\" src=\"https:\/\/www.ipim.gov.mo\/wp-content\/uploads\/2025\/02\/IMAGE_\u4e2d\u8461\u7d9c\u5408\u9ad4_2025_02_25.jpg\" alt=\"\" width=\"2464\" height=\"1640\" srcset=\"https:\/\/www.ipim.gov.mo\/wp-content\/uploads\/2025\/02\/IMAGE_\u4e2d\u8461\u7d9c\u5408\u9ad4_2025_02_25.jpg 2464w, https:\/\/www.ipim.gov.mo\/wp-content\/uploads\/2025\/02\/IMAGE_\u4e2d\u8461\u7d9c\u5408\u9ad4_2025_02_25-300x200.jpg 300w, https:\/\/www.ipim.gov.mo\/wp-content\/uploads\/2025\/02\/IMAGE_\u4e2d\u8461\u7d9c\u5408\u9ad4_2025_02_25-1024x682.jpg 1024w, https:\/\/www.ipim.gov.mo\/wp-content\/uploads\/2025\/02\/IMAGE_\u4e2d\u8461\u7d9c\u5408\u9ad4_2025_02_25-768x511.jpg 768w, https:\/\/www.ipim.gov.mo\/wp-content\/uploads\/2025\/02\/IMAGE_\u4e2d\u8461\u7d9c\u5408\u9ad4_2025_02_25-1536x1022.jpg 1536w, https:\/\/www.ipim.gov.mo\/wp-content\/uploads\/2025\/02\/IMAGE_\u4e2d\u8461\u7d9c\u5408\u9ad4_2025_02_25-2048x1363.jpg 2048w\" sizes=\"auto, (max-width: 2464px) 100vw, 2464px\" \/><\/a><\/figure>\r\n<h3>2. U<strong>tiliza\u00e7\u00e3o <\/strong>do local<\/h3>\r\n<p><strong>Regras de Utiliza\u00e7\u00e3o:<\/strong><\/p>\r\n<p><a href=\" https:\/\/www.ipim.gov.mo\/wp-content\/uploads\/2025\/02\/250214_V10-a_pt_\u6703\u8b70\u5834\u5730\u8a2d\u65bd\u7ba1\u7406\u53ca\u4f7f\u7528\u898f\u5247-Final.pdf\" target=\"_blank\" rel=\"noopener\">\u300aRegulamento de Utiliza\u00e7\u00e3o e Gest\u00e3o de Espa\u00e7os e Instala\u00e7\u00f5es para Confer\u00eancias e Actividades no Complexo da Plataforma de Servi\u00e7os para a Coopera\u00e7\u00e3o Comercial entre a China e os Pa\u00edses de L\u00edngua Portuguesa\u300b<\/a><\/p>\r\n<p><a href=\"https:\/\/www.ipim.gov.mo\/wp-content\/uploads\/2025\/12\/\u8461\u8a9e\u7248_2025627_\u4e2d\u8461\u7d9c\u5408\u9ad4\u4f7f\u7528\u898f\u5247_\u4e0a\u8f09\u7db2\u9801\u7248.pdf\" target=\"_blank\" rel=\"noopener\">\u300aRegulamento de Utiliza\u00e7\u00e3o e Gest\u00e3o das Instala\u00e7\u00f5es do Pavilh\u00e3o de Conven\u00e7\u00f5es e Exposi\u00e7\u00f5es de Macau do Complexo da Plataforma de Servi\u00e7os para a Coopera\u00e7\u00e3o Comercial entre a China e os Pa\u00edses de L\u00edngua Portuguesa\u300b<\/a><\/p>\r\n<p><a href=\"https:\/\/www.ipim.gov.mo\/wp-content\/uploads\/2025\/02\/250214_V9-a_pt_\u4e2d\u8461\u7d9c\u5408\u9ad4\u505c\u8eca\u5834\u7ba1\u7406\u53ca\u4f7f\u7528\u898f\u5247-Final.pdf\" target=\"_blank\" rel=\"noopener\">\u300aRegulamento de Utiliza\u00e7\u00e3o e Gest\u00e3o do Parque de Estacionamento do Complexo da Plataforma de Servi\u00e7os para a Coopera\u00e7\u00e3o Comercial entre a China e os Pa\u00edses de L\u00edngua Portuguesa\u300b<\/a><\/p>\r\n<p><strong>Impressos:<\/strong><\/p>\r\n<p><a href=\"https:\/\/www.ipim.gov.mo\/wp-content\/uploads\/2025\/02\/PT_\u6703\u8b70\u5834\u5730\u8a2d\u65bd\u4f7f\u7528\u7533\u8acb\u8868_2025_02_20.pdf\" target=\"_blank\" rel=\"noopener\"> Formul\u00e1rio: Requerimento de Utiliza\u00e7\u00e3o das Instala\u00e7\u00f5es dos Espa\u00e7os de Confer\u00eancias e Reuni\u00f5es do Complexo da Plataforma de Servi\u00e7os para a Coopera\u00e7\u00e3o Comercial entre a China e os Pa\u00edses de L\u00edngua Portuguesa<\/a><\/p>\r\n<p><a href=\"https:\/\/www.ipim.gov.mo\/wp-content\/uploads\/2025\/02\/PT_\u6fb3\u9580\u6703\u5c55\u9928\u8a2d\u65bd\u4f7f\u7528\u7533\u8acb\u8868_2025_02_20.pdf\" target=\"_blank\" rel=\"noopener\">Formul\u00e1rio: Requerimento de Utiliza\u00e7\u00e3o das Instala\u00e7\u00f5es do Pavilh\u00e3o de Conven\u00e7\u00f5es e Exposi\u00e7\u00f5es de Macau do Complexo da Plataforma de Servi\u00e7os para a Coopera\u00e7\u00e3o Comercial entre a China e os Pa\u00edses de L\u00edngua Portuguesa<\/a><\/p>","protected":false},"excerpt":{"rendered":"<p>O projecto da constru\u00e7\u00e3o do Complexo da Plataforma de Servi\u00e7os para a Coopera\u00e7\u00e3o Comercial entre a China e os Pa\u00edses de L\u00edngua Portuguesa foi iniciado [&hellip;]<\/p>\n","protected":false},"author":56439,"featured_media":486539,"parent":494162,"menu_order":20,"comment_status":"closed","ping_status":"closed","template":"","meta":{"_acf_changed":false,"inline_featured_image":false,"advgb_blocks_editor_width":"","advgb_blocks_columns_visual_guide":"","footnotes":""},"class_list":["post-486548","page","type-page","status-publish","has-post-thumbnail","hentry"],"acf":[],"yoast_head":"<!-- This site is optimized with the Yoast SEO plugin v26.2 - https:\/\/yoast.com\/wordpress\/plugins\/seo\/ -->\r\n<title>Complexo da Plataforma de Servi\u00e7os para a Coopera\u00e7\u00e3o Comercial entre a China e os Pa\u00edses de L\u00edngua Portuguesa | Commerce and Investment Promotion Institute<\/title>\r\n<meta name=\"robots\" content=\"index, follow, max-snippet:-1, max-image-preview:large, max-video-preview:-1\" \/>\r\n<link rel=\"canonical\" href=\"https:\/\/www.ipim.gov.mo\/pt-pt\/china-pscs-commerce-and-trade\/complex-of-commerce-and-trade-co-operation-platform-for-china-and-portuguese-speaking-countries\/\" \/>\r\n<meta property=\"og:locale\" content=\"pt_PT\" \/>\r\n<meta property=\"og:type\" content=\"article\" \/>\r\n<meta property=\"og:title\" content=\"Complexo da Plataforma de Servi\u00e7os para a Coopera\u00e7\u00e3o Comercial entre a China e os Pa\u00edses de L\u00edngua Portuguesa | Commerce and Investment Promotion Institute\" \/>\r\n<meta property=\"og:description\" content=\"O projecto da constru\u00e7\u00e3o do Complexo da Plataforma de Servi\u00e7os para a Coopera\u00e7\u00e3o Comercial entre a China e os Pa\u00edses de L\u00edngua Portuguesa foi iniciado [&hellip;]\" \/>\r\n<meta property=\"og:url\" content=\"https:\/\/www.ipim.gov.mo\/pt-pt\/china-pscs-commerce-and-trade\/complex-of-commerce-and-trade-co-operation-platform-for-china-and-portuguese-speaking-countries\/\" \/>\r\n<meta property=\"og:site_name\" content=\"Commerce and Investment Promotion Institute\" \/>\r\n<meta property=\"article:modified_time\" content=\"2025-12-03T02:29:22+00:00\" \/>\r\n<meta property=\"og:image\" content=\"https:\/\/www.ipim.gov.mo\/wp-content\/uploads\/2025\/02\/IMAGE_\u4e2d\u8461\u7d9c\u5408\u9ad4_2025_02_25.jpg\" \/>\r\n\t<meta property=\"og:image:width\" content=\"2464\" \/>\r\n\t<meta property=\"og:image:height\" content=\"1640\" \/>\r\n\t<meta property=\"og:image:type\" content=\"image\/jpeg\" \/>\r\n<meta name=\"twitter:card\" content=\"summary_large_image\" \/>\r\n<meta name=\"twitter:label1\" content=\"Est. reading time\" \/>\n\t<meta name=\"twitter:data1\" content=\"3 minutes\" \/>\r\n<script type=\"application\/ld+json\" class=\"yoast-schema-graph\">{\"@context\":\"https:\/\/schema.org\",\"@graph\":[{\"@type\":\"WebPage\",\"@id\":\"https:\/\/www.ipim.gov.mo\/pt-pt\/china-pscs-commerce-and-trade\/complex-of-commerce-and-trade-co-operation-platform-for-china-and-portuguese-speaking-countries\/\",\"url\":\"https:\/\/www.ipim.gov.mo\/pt-pt\/china-pscs-commerce-and-trade\/complex-of-commerce-and-trade-co-operation-platform-for-china-and-portuguese-speaking-countries\/\",\"name\":\"Complexo da Plataforma de Servi\u00e7os para a Coopera\u00e7\u00e3o Comercial entre a China e os Pa\u00edses de L\u00edngua Portuguesa | Commerce and Investment Promotion Institute\",\"isPartOf\":{\"@id\":\"https:\/\/www.ipim.gov.mo\/zh-hans\/#website\"},\"primaryImageOfPage\":{\"@id\":\"https:\/\/www.ipim.gov.mo\/pt-pt\/china-pscs-commerce-and-trade\/complex-of-commerce-and-trade-co-operation-platform-for-china-and-portuguese-speaking-countries\/#primaryimage\"},\"image\":{\"@id\":\"https:\/\/www.ipim.gov.mo\/pt-pt\/china-pscs-commerce-and-trade\/complex-of-commerce-and-trade-co-operation-platform-for-china-and-portuguese-speaking-countries\/#primaryimage\"},\"thumbnailUrl\":\"https:\/\/www.ipim.gov.mo\/wp-content\/uploads\/2025\/02\/IMAGE_\u4e2d\u8461\u7d9c\u5408\u9ad4_2025_02_25.jpg\",\"datePublished\":\"2025-02-24T11:03:25+00:00\",\"dateModified\":\"2025-12-03T02:29:22+00:00\",\"breadcrumb\":{\"@id\":\"https:\/\/www.ipim.gov.mo\/pt-pt\/china-pscs-commerce-and-trade\/complex-of-commerce-and-trade-co-operation-platform-for-china-and-portuguese-speaking-countries\/#breadcrumb\"},\"inLanguage\":\"pt-PT\",\"potentialAction\":[{\"@type\":\"ReadAction\",\"target\":[\"https:\/\/www.ipim.gov.mo\/pt-pt\/china-pscs-commerce-and-trade\/complex-of-commerce-and-trade-co-operation-platform-for-china-and-portuguese-speaking-countries\/\"]}]},{\"@type\":\"ImageObject\",\"inLanguage\":\"pt-PT\",\"@id\":\"https:\/\/www.ipim.gov.mo\/pt-pt\/china-pscs-commerce-and-trade\/complex-of-commerce-and-trade-co-operation-platform-for-china-and-portuguese-speaking-countries\/#primaryimage\",\"url\":\"https:\/\/www.ipim.gov.mo\/wp-content\/uploads\/2025\/02\/IMAGE_\u4e2d\u8461\u7d9c\u5408\u9ad4_2025_02_25.jpg\",\"contentUrl\":\"https:\/\/www.ipim.gov.mo\/wp-content\/uploads\/2025\/02\/IMAGE_\u4e2d\u8461\u7d9c\u5408\u9ad4_2025_02_25.jpg\",\"width\":2464,\"height\":1640},{\"@type\":\"BreadcrumbList\",\"@id\":\"https:\/\/www.ipim.gov.mo\/pt-pt\/china-pscs-commerce-and-trade\/complex-of-commerce-and-trade-co-operation-platform-for-china-and-portuguese-speaking-countries\/#breadcrumb\",\"itemListElement\":[{\"@type\":\"ListItem\",\"position\":1,\"name\":\"Home\",\"item\":\"https:\/\/www.ipim.gov.mo\/pt-pt\/\"},{\"@type\":\"ListItem\",\"position\":2,\"name\":\"Com\u00e9rcio entre a China e os Paises de Lingua Portuguesa\",\"item\":\"https:\/\/www.ipim.gov.mo\/pt-pt\/china-pscs-commerce-and-trade\/\"},{\"@type\":\"ListItem\",\"position\":3,\"name\":\"Complexo da Plataforma de Servi\u00e7os para a Coopera\u00e7\u00e3o Comercial entre a China e os Pa\u00edses de L\u00edngua Portuguesa\"}]},{\"@type\":\"WebSite\",\"@id\":\"https:\/\/www.ipim.gov.mo\/zh-hans\/#website\",\"url\":\"https:\/\/www.ipim.gov.mo\/zh-hans\/\",\"name\":\"Commerce and Investment Promotion Institute\",\"description\":\"Commerce and Investment Promotion Institute\",\"publisher\":{\"@id\":\"https:\/\/www.ipim.gov.mo\/zh-hans\/#organization\"},\"potentialAction\":[{\"@type\":\"SearchAction\",\"target\":{\"@type\":\"EntryPoint\",\"urlTemplate\":\"https:\/\/www.ipim.gov.mo\/zh-hans\/?s={search_term_string}\"},\"query-input\":{\"@type\":\"PropertyValueSpecification\",\"valueRequired\":true,\"valueName\":\"search_term_string\"}}],\"inLanguage\":\"pt-PT\"},{\"@type\":\"Organization\",\"@id\":\"https:\/\/www.ipim.gov.mo\/zh-hans\/#organization\",\"name\":\"IPIM\",\"url\":\"https:\/\/www.ipim.gov.mo\/zh-hans\/\",\"logo\":{\"@type\":\"ImageObject\",\"inLanguage\":\"pt-PT\",\"@id\":\"https:\/\/www.ipim.gov.mo\/zh-hans\/#\/schema\/logo\/image\/\",\"url\":\"https:\/\/www.ipim.gov.mo\/wp-content\/uploads\/2022\/10\/default-post-thumbnail-ipim-logo.png\",\"contentUrl\":\"https:\/\/www.ipim.gov.mo\/wp-content\/uploads\/2022\/10\/default-post-thumbnail-ipim-logo.png\",\"width\":1024,\"height\":768,\"caption\":\"IPIM\"},\"image\":{\"@id\":\"https:\/\/www.ipim.gov.mo\/zh-hans\/#\/schema\/logo\/image\/\"}}]}<\/script>\r\n<!-- \/ Yoast SEO plugin. -->","yoast_head_json":{"title":"Complexo da Plataforma de Servi\u00e7os para a Coopera\u00e7\u00e3o Comercial entre a China e os Pa\u00edses de L\u00edngua Portuguesa | Commerce and Investment Promotion Institute","robots":{"index":"index","follow":"follow","max-snippet":"max-snippet:-1","max-image-preview":"max-image-preview:large","max-video-preview":"max-video-preview:-1"},"canonical":"https:\/\/www.ipim.gov.mo\/pt-pt\/china-pscs-commerce-and-trade\/complex-of-commerce-and-trade-co-operation-platform-for-china-and-portuguese-speaking-countries\/","og_locale":"pt_PT","og_type":"article","og_title":"Complexo da Plataforma de Servi\u00e7os para a Coopera\u00e7\u00e3o Comercial entre a China e os Pa\u00edses de L\u00edngua Portuguesa | Commerce and Investment Promotion Institute","og_description":"O projecto da constru\u00e7\u00e3o do Complexo da Plataforma de Servi\u00e7os para a Coopera\u00e7\u00e3o Comercial entre a China e os Pa\u00edses de L\u00edngua Portuguesa foi iniciado [&hellip;]","og_url":"https:\/\/www.ipim.gov.mo\/pt-pt\/china-pscs-commerce-and-trade\/complex-of-commerce-and-trade-co-operation-platform-for-china-and-portuguese-speaking-countries\/","og_site_name":"Commerce and Investment Promotion Institute","article_modified_time":"2025-12-03T02:29:22+00:00","og_image":[{"width":2464,"height":1640,"url":"https:\/\/www.ipim.gov.mo\/wp-content\/uploads\/2025\/02\/IMAGE_\u4e2d\u8461\u7d9c\u5408\u9ad4_2025_02_25.jpg","type":"image\/jpeg"}],"twitter_card":"summary_large_image","twitter_misc":{"Est. reading time":"3 minutes"},"schema":{"@context":"https:\/\/schema.org","@graph":[{"@type":"WebPage","@id":"https:\/\/www.ipim.gov.mo\/pt-pt\/china-pscs-commerce-and-trade\/complex-of-commerce-and-trade-co-operation-platform-for-china-and-portuguese-speaking-countries\/","url":"https:\/\/www.ipim.gov.mo\/pt-pt\/china-pscs-commerce-and-trade\/complex-of-commerce-and-trade-co-operation-platform-for-china-and-portuguese-speaking-countries\/","name":"Complexo da Plataforma de Servi\u00e7os para a Coopera\u00e7\u00e3o Comercial entre a China e os Pa\u00edses de L\u00edngua Portuguesa | Commerce and Investment Promotion Institute","isPartOf":{"@id":"https:\/\/www.ipim.gov.mo\/zh-hans\/#website"},"primaryImageOfPage":{"@id":"https:\/\/www.ipim.gov.mo\/pt-pt\/china-pscs-commerce-and-trade\/complex-of-commerce-and-trade-co-operation-platform-for-china-and-portuguese-speaking-countries\/#primaryimage"},"image":{"@id":"https:\/\/www.ipim.gov.mo\/pt-pt\/china-pscs-commerce-and-trade\/complex-of-commerce-and-trade-co-operation-platform-for-china-and-portuguese-speaking-countries\/#primaryimage"},"thumbnailUrl":"https:\/\/www.ipim.gov.mo\/wp-content\/uploads\/2025\/02\/IMAGE_\u4e2d\u8461\u7d9c\u5408\u9ad4_2025_02_25.jpg","datePublished":"2025-02-24T11:03:25+00:00","dateModified":"2025-12-03T02:29:22+00:00","breadcrumb":{"@id":"https:\/\/www.ipim.gov.mo\/pt-pt\/china-pscs-commerce-and-trade\/complex-of-commerce-and-trade-co-operation-platform-for-china-and-portuguese-speaking-countries\/#breadcrumb"},"inLanguage":"pt-PT","potentialAction":[{"@type":"ReadAction","target":["https:\/\/www.ipim.gov.mo\/pt-pt\/china-pscs-commerce-and-trade\/complex-of-commerce-and-trade-co-operation-platform-for-china-and-portuguese-speaking-countries\/"]}]},{"@type":"ImageObject","inLanguage":"pt-PT","@id":"https:\/\/www.ipim.gov.mo\/pt-pt\/china-pscs-commerce-and-trade\/complex-of-commerce-and-trade-co-operation-platform-for-china-and-portuguese-speaking-countries\/#primaryimage","url":"https:\/\/www.ipim.gov.mo\/wp-content\/uploads\/2025\/02\/IMAGE_\u4e2d\u8461\u7d9c\u5408\u9ad4_2025_02_25.jpg","contentUrl":"https:\/\/www.ipim.gov.mo\/wp-content\/uploads\/2025\/02\/IMAGE_\u4e2d\u8461\u7d9c\u5408\u9ad4_2025_02_25.jpg","width":2464,"height":1640},{"@type":"BreadcrumbList","@id":"https:\/\/www.ipim.gov.mo\/pt-pt\/china-pscs-commerce-and-trade\/complex-of-commerce-and-trade-co-operation-platform-for-china-and-portuguese-speaking-countries\/#breadcrumb","itemListElement":[{"@type":"ListItem","position":1,"name":"Home","item":"https:\/\/www.ipim.gov.mo\/pt-pt\/"},{"@type":"ListItem","position":2,"name":"Com\u00e9rcio entre a China e os Paises de Lingua Portuguesa","item":"https:\/\/www.ipim.gov.mo\/pt-pt\/china-pscs-commerce-and-trade\/"},{"@type":"ListItem","position":3,"name":"Complexo da Plataforma de Servi\u00e7os para a Coopera\u00e7\u00e3o Comercial entre a China e os Pa\u00edses de L\u00edngua Portuguesa"}]},{"@type":"WebSite","@id":"https:\/\/www.ipim.gov.mo\/zh-hans\/#website","url":"https:\/\/www.ipim.gov.mo\/zh-hans\/","name":"Commerce and Investment Promotion Institute","description":"Commerce and Investment Promotion Institute","publisher":{"@id":"https:\/\/www.ipim.gov.mo\/zh-hans\/#organization"},"potentialAction":[{"@type":"SearchAction","target":{"@type":"EntryPoint","urlTemplate":"https:\/\/www.ipim.gov.mo\/zh-hans\/?s={search_term_string}"},"query-input":{"@type":"PropertyValueSpecification","valueRequired":true,"valueName":"search_term_string"}}],"inLanguage":"pt-PT"},{"@type":"Organization","@id":"https:\/\/www.ipim.gov.mo\/zh-hans\/#organization","name":"IPIM","url":"https:\/\/www.ipim.gov.mo\/zh-hans\/","logo":{"@type":"ImageObject","inLanguage":"pt-PT","@id":"https:\/\/www.ipim.gov.mo\/zh-hans\/#\/schema\/logo\/image\/","url":"https:\/\/www.ipim.gov.mo\/wp-content\/uploads\/2022\/10\/default-post-thumbnail-ipim-logo.png","contentUrl":"https:\/\/www.ipim.gov.mo\/wp-content\/uploads\/2022\/10\/default-post-thumbnail-ipim-logo.png","width":1024,"height":768,"caption":"IPIM"},"image":{"@id":"https:\/\/www.ipim.gov.mo\/zh-hans\/#\/schema\/logo\/image\/"}}]}},"coauthors":[],"author_meta":{"author_link":"https:\/\/www.ipim.gov.mo\/pt-pt\/author\/ipimcontent\/","display_name":"ipimcontent"},"relative_dates":{"created":"Posted 1 year ago","modified":"Updated 5 months ago"},"absolute_dates":{"created":"Posted on Fevereiro 24, 2025","modified":"Updated on Dezembro 3, 2025"},"absolute_dates_time":{"created":"Posted on Fevereiro 24, 2025 7:03 pm","modified":"Updated on Dezembro 3, 2025 10:29 am"},"featured_img_caption":"","featured_img":"https:\/\/www.ipim.gov.mo\/wp-content\/uploads\/2025\/02\/IMAGE_\u4e2d\u8461\u7d9c\u5408\u9ad4_2025_02_25.jpg","series_order":"","_links":{"self":[{"href":"https:\/\/www.ipim.gov.mo\/pt-pt\/wp-json\/wp\/v2\/pages\/486548","targetHints":{"allow":["GET"]}}],"collection":[{"href":"https:\/\/www.ipim.gov.mo\/pt-pt\/wp-json\/wp\/v2\/pages"}],"about":[{"href":"https:\/\/www.ipim.gov.mo\/pt-pt\/wp-json\/wp\/v2\/types\/page"}],"author":[{"embeddable":true,"href":"https:\/\/www.ipim.gov.mo\/pt-pt\/wp-json\/wp\/v2\/users\/56439"}],"replies":[{"embeddable":true,"href":"https:\/\/www.ipim.gov.mo\/pt-pt\/wp-json\/wp\/v2\/comments?post=486548"}],"version-history":[{"count":7,"href":"https:\/\/www.ipim.gov.mo\/pt-pt\/wp-json\/wp\/v2\/pages\/486548\/revisions"}],"predecessor-version":[{"id":503147,"href":"https:\/\/www.ipim.gov.mo\/pt-pt\/wp-json\/wp\/v2\/pages\/486548\/revisions\/503147"}],"up":[{"embeddable":true,"href":"https:\/\/www.ipim.gov.mo\/pt-pt\/wp-json\/wp\/v2\/pages\/494162"}],"wp:featuredmedia":[{"embeddable":true,"href":"https:\/\/www.ipim.gov.mo\/pt-pt\/wp-json\/wp\/v2\/media\/486539"}],"wp:attachment":[{"href":"https:\/\/www.ipim.gov.mo\/pt-pt\/wp-json\/wp\/v2\/media?parent=486548"}],"curies":[{"name":"wp","href":"https:\/\/api.w.org\/{rel}","templated":true}]}}